{"id":4362,"date":"2025-02-24T16:06:55","date_gmt":"2025-02-24T16:06:55","guid":{"rendered":"https:\/\/www.haus-am-muehlebach.de\/?page_id=4362"},"modified":"2026-01-15T10:21:24","modified_gmt":"2026-01-15T10:21:24","slug":"neubau","status":"publish","type":"page","link":"https:\/\/www.haus-am-muehlebach.de\/index.php\/neubau\/","title":{"rendered":"Neubau"},"content":{"rendered":"\t\t<div data-elementor-type=\"wp-page\" data-elementor-id=\"4362\" class=\"elementor elementor-4362\" data-elementor-post-type=\"page\">\n\t\t\t\t\t\t<section class=\"elementor-section elementor-top-section elementor-element elementor-element-f20a791 elementor-section-full_width elementor-section-height-min-height elementor-section-height-default elementor-section-items-middle\" data-id=\"f20a791\" data-element_type=\"section\" data-settings=\"{&quot;background_background&quot;:&quot;classic&quot;,&quot;shape_divider_bottom&quot;:&quot;wave-brush&quot;}\">\n\t\t\t\t\t\t\t<div class=\"elementor-background-overlay\"><\/div>\n\t\t\t\t\t\t<div class=\"elementor-shape elementor-shape-bottom\" aria-hidden=\"true\" data-negative=\"false\">\n\t\t\t<svg xmlns=\"http:\/\/www.w3.org\/2000\/svg\" viewBox=\"0 0 283.5 27.8\" preserveAspectRatio=\"none\">\n\t<path class=\"elementor-shape-fill\" d=\"M283.5,9.7c0,0-7.3,4.3-14,4.6c-6.8,0.3-12.6,0-20.9-1.5c-11.3-2-33.1-10.1-44.7-5.7\ts-12.1,4.6-18,7.4c-6.6,3.2-20,9.6-36.6,9.3C131.6,23.5,99.5,7.2,86.3,8c-1.4,0.1-6.6,0.8-10.5,2c-3.8,1.2-9.4,3.8-17,4.7\tc-3.2,0.4-8.3,1.1-14.2,0.9c-1.5-0.1-6.3-0.4-12-1.6c-5.7-1.2-11-3.1-15.8-3.7C6.5,9.2,0,10.8,0,10.8V0h283.5V9.7z M260.8,11.3\tc-0.7-1-2-0.4-4.3-0.4c-2.3,0-6.1-1.2-5.8-1.1c0.3,0.1,3.1,1.5,6,1.9C259.7,12.2,261.4,12.3,260.8,11.3z M242.4,8.6\tc0,0-2.4-0.2-5.6-0.9c-3.2-0.8-10.3-2.8-15.1-3.5c-8.2-1.1-15.8,0-15.1,0.1c0.8,0.1,9.6-0.6,17.6,1.1c3.3,0.7,9.3,2.2,12.4,2.7\tC239.9,8.7,242.4,8.6,242.4,8.6z M185.2,8.5c1.7-0.7-13.3,4.7-18.5,6.1c-2.1,0.6-6.2,1.6-10,2c-3.9,0.4-8.9,0.4-8.8,0.5\tc0,0.2,5.8,0.8,11.2,0c5.4-0.8,5.2-1.1,7.6-1.6C170.5,14.7,183.5,9.2,185.2,8.5z M199.1,6.9c0.2,0-0.8-0.4-4.8,1.1\tc-4,1.5-6.7,3.5-6.9,3.7c-0.2,0.1,3.5-1.8,6.6-3C197,7.5,199,6.9,199.1,6.9z M283,6c-0.1,0.1-1.9,1.1-4.8,2.5s-6.9,2.8-6.7,2.7\tc0.2,0,3.5-0.6,7.4-2.5C282.8,6.8,283.1,5.9,283,6z M31.3,11.6c0.1-0.2-1.9-0.2-4.5-1.2s-5.4-1.6-7.8-2C15,7.6,7.3,8.5,7.7,8.6\tC8,8.7,15.9,8.3,20.2,9.3c2.2,0.5,2.4,0.5,5.7,1.6S31.2,11.9,31.3,11.6z M73,9.2c0.4-0.1,3.5-1.6,8.4-2.6c4.9-1.1,8.9-0.5,8.9-0.8\tc0-0.3-1-0.9-6.2-0.3S72.6,9.3,73,9.2z M71.6,6.7C71.8,6.8,75,5.4,77.3,5c2.3-0.3,1.9-0.5,1.9-0.6c0-0.1-1.1-0.2-2.7,0.2\tC74.8,5.1,71.4,6.6,71.6,6.7z M93.6,4.4c0.1,0.2,3.5,0.8,5.6,1.8c2.1,1,1.8,0.6,1.9,0.5c0.1-0.1-0.8-0.8-2.4-1.3\tC97.1,4.8,93.5,4.2,93.6,4.4z M65.4,11.1c-0.1,0.3,0.3,0.5,1.9-0.2s2.6-1.3,2.2-1.2s-0.9,0.4-2.5,0.8C65.3,10.9,65.5,10.8,65.4,11.1\tz M34.5,12.4c-0.2,0,2.1,0.8,3.3,0.9c1.2,0.1,2,0.1,2-0.2c0-0.3-0.1-0.5-1.6-0.4C36.6,12.8,34.7,12.4,34.5,12.4z M152.2,21.1\tc-0.1,0.1-2.4-0.3-7.5-0.3c-5,0-13.6-2.4-17.2-3.5c-3.6-1.1,10,3.9,16.5,4.1C150.5,21.6,152.3,21,152.2,21.1z\"\/>\n\t<path class=\"elementor-shape-fill\" d=\"M269.6,18c-0.1-0.1-4.6,0.3-7.2,0c-7.3-0.7-17-3.2-16.6-2.9c0.4,0.3,13.7,3.1,17,3.3\tC267.7,18.8,269.7,18,269.6,18z\"\/>\n\t<path class=\"elementor-shape-fill\" d=\"M227.4,9.8c-0.2-0.1-4.5-1-9.5-1.2c-5-0.2-12.7,0.6-12.3,0.5c0.3-0.1,5.9-1.8,13.3-1.2\tS227.6,9.9,227.4,9.8z\"\/>\n\t<path class=\"elementor-shape-fill\" d=\"M204.5,13.4c-0.1-0.1,2-1,3.2-1.1c1.2-0.1,2,0,2,0.3c0,0.3-0.1,0.5-1.6,0.4\tC206.4,12.9,204.6,13.5,204.5,13.4z\"\/>\n\t<path class=\"elementor-shape-fill\" d=\"M201,10.6c0-0.1-4.4,1.2-6.3,2.2c-1.9,0.9-6.2,3.1-6.1,3.1c0.1,0.1,4.2-1.6,6.3-2.6\tS201,10.7,201,10.6z\"\/>\n\t<path class=\"elementor-shape-fill\" d=\"M154.5,26.7c-0.1-0.1-4.6,0.3-7.2,0c-7.3-0.7-17-3.2-16.6-2.9c0.4,0.3,13.7,3.1,17,3.3\tC152.6,27.5,154.6,26.8,154.5,26.7z\"\/>\n\t<path class=\"elementor-shape-fill\" d=\"M41.9,19.3c0,0,1.2-0.3,2.9-0.1c1.7,0.2,5.8,0.9,8.2,0.7c4.2-0.4,7.4-2.7,7-2.6\tc-0.4,0-4.3,2.2-8.6,1.9c-1.8-0.1-5.1-0.5-6.7-0.4S41.9,19.3,41.9,19.3z\"\/>\n\t<path class=\"elementor-shape-fill\" d=\"M75.5,12.6c0.2,0.1,2-0.8,4.3-1.1c2.3-0.2,2.1-0.3,2.1-0.5c0-0.1-1.8-0.4-3.4,0\tC76.9,11.5,75.3,12.5,75.5,12.6z\"\/>\n\t<path class=\"elementor-shape-fill\" d=\"M15.6,13.2c0-0.1,4.3,0,6.7,0.5c2.4,0.5,5,1.9,5,2c0,0.1-2.7-0.8-5.1-1.4\tC19.9,13.7,15.7,13.3,15.6,13.2z\"\/>\n<\/svg>\t\t<\/div>\n\t\t\t\t\t<div class=\"elementor-container elementor-column-gap-default\">\n\t\t\t\t\t<div class=\"elementor-column elementor-col-100 elementor-top-column elementor-element elementor-element-bc4e35d\" data-id=\"bc4e35d\" data-element_type=\"column\">\n\t\t\t<div class=\"elementor-widget-wrap elementor-element-populated\">\n\t\t\t\t\t\t<div class=\"elementor-element elementor-element-e4f50d5 elementor-widget elementor-widget-heading\" data-id=\"e4f50d5\" data-element_type=\"widget\" data-widget_type=\"heading.default\">\n\t\t\t\t<div class=\"elementor-widget-container\">\n\t\t\t\t\t<h1 class=\"elementor-heading-title elementor-size-xxl\">Internatsneubau<\/h1>\t\t\t\t<\/div>\n\t\t\t\t<\/div>\n\t\t\t\t\t<\/div>\n\t\t<\/div>\n\t\t\t\t\t<\/div>\n\t\t<\/section>\n\t\t\t\t<section class=\"elementor-section elementor-top-section elementor-element elementor-element-c3d23f4 elementor-section-boxed elementor-section-height-default elementor-section-height-default\" data-id=\"c3d23f4\" data-element_type=\"section\" data-settings=\"{&quot;background_background&quot;:&quot;classic&quot;}\">\n\t\t\t\t\t\t<div class=\"elementor-container elementor-column-gap-default\">\n\t\t\t\t\t<div class=\"elementor-column elementor-col-100 elementor-top-column elementor-element elementor-element-7e73e74\" data-id=\"7e73e74\" data-element_type=\"column\">\n\t\t\t<div class=\"elementor-widget-wrap elementor-element-populated\">\n\t\t\t\t\t\t<div class=\"elementor-element elementor-element-3806ed0 elementor-widget elementor-widget-heading\" data-id=\"3806ed0\" data-element_type=\"widget\" data-widget_type=\"heading.default\">\n\t\t\t\t<div class=\"elementor-widget-container\">\n\t\t\t\t\t<h2 class=\"elementor-heading-title elementor-size-default\">Unser Internatsneubau <\/h2>\t\t\t\t<\/div>\n\t\t\t\t<\/div>\n\t\t\t\t\t<\/div>\n\t\t<\/div>\n\t\t\t\t\t<\/div>\n\t\t<\/section>\n\t\t\t\t<section class=\"elementor-section elementor-top-section elementor-element elementor-element-7e618d4 elementor-section-boxed elementor-section-height-default elementor-section-height-default\" data-id=\"7e618d4\" data-element_type=\"section\" data-settings=\"{&quot;background_background&quot;:&quot;classic&quot;}\">\n\t\t\t\t\t\t<div class=\"elementor-container elementor-column-gap-default\">\n\t\t\t\t\t<div class=\"elementor-column elementor-col-100 elementor-top-column elementor-element elementor-element-5bdb91c\" data-id=\"5bdb91c\" data-element_type=\"column\">\n\t\t\t<div class=\"elementor-widget-wrap elementor-element-populated\">\n\t\t\t\t\t\t<div class=\"elementor-element elementor-element-63749d7 elementor-widget elementor-widget-heading\" data-id=\"63749d7\" data-element_type=\"widget\" data-widget_type=\"heading.default\">\n\t\t\t\t<div class=\"elementor-widget-container\">\n\t\t\t\t\t<h4 class=\"elementor-heading-title elementor-size-default\">November 2024 bis heute...<\/h4>\t\t\t\t<\/div>\n\t\t\t\t<\/div>\n\t\t\t\t<div class=\"elementor-element elementor-element-6239b4c elementor-widget__width-initial elementor-widget elementor-widget-text-editor\" data-id=\"6239b4c\" data-element_type=\"widget\" data-widget_type=\"text-editor.default\">\n\t\t\t\t<div class=\"elementor-widget-container\">\n\t\t\t\t\t\t\t\t\t<p>Stein auf Stein \u2013 unser Internat nimmt Gestalt an.<\/p>\t\t\t\t\t\t\t\t<\/div>\n\t\t\t\t<\/div>\n\t\t\t\t\t<\/div>\n\t\t<\/div>\n\t\t\t\t\t<\/div>\n\t\t<\/section>\n\t\t\t\t<section class=\"elementor-section elementor-top-section elementor-element elementor-element-374e1ca elementor-section-boxed elementor-section-height-default elementor-section-height-default\" data-id=\"374e1ca\" data-element_type=\"section\" data-settings=\"{&quot;background_background&quot;:&quot;classic&quot;}\">\n\t\t\t\t\t\t<div class=\"elementor-container elementor-column-gap-default\">\n\t\t\t\t\t<div class=\"elementor-column elementor-col-100 elementor-top-column elementor-element elementor-element-960d6dc\" data-id=\"960d6dc\" data-element_type=\"column\">\n\t\t\t<div class=\"elementor-widget-wrap elementor-element-populated\">\n\t\t\t\t\t\t<div class=\"elementor-element elementor-element-de616af elementor-widget elementor-widget-heading\" data-id=\"de616af\" data-element_type=\"widget\" data-widget_type=\"heading.default\">\n\t\t\t\t<div class=\"elementor-widget-container\">\n\t\t\t\t\t<h4 class=\"elementor-heading-title elementor-size-default\">November 2024<\/h4>\t\t\t\t<\/div>\n\t\t\t\t<\/div>\n\t\t\t\t<div class=\"elementor-element elementor-element-efeeb34 elementor-widget__width-initial elementor-widget elementor-widget-text-editor\" data-id=\"efeeb34\" data-element_type=\"widget\" data-widget_type=\"text-editor.default\">\n\t\t\t\t<div class=\"elementor-widget-container\">\n\t\t\t\t\t\t\t\t\t<p class=\"\" data-start=\"132\" data-end=\"197\"><strong data-start=\"132\" data-end=\"197\">Realit\u00e4t im Werden: Baustart f\u00fcr unser neues Internatsgeb\u00e4ude<\/strong><\/p><p class=\"\" data-start=\"199\" data-end=\"363\">Im November 2024 begann ein neues Kapitel f\u00fcr unser SBBZ Haus am M\u00fchlebach in M\u00fchlhausen-Ehingen:<br \/>Der Bau unseres neuen Internatsgeb\u00e4udes wurde offiziell gestartet.<\/p><p class=\"\" data-start=\"365\" data-end=\"724\">Am 7. November war es endlich so weit \u2013 der erste Spatenstich wurde feierlich gesetzt. Zahlreiche G\u00e4ste aus Politik, Presse, Stiftungen und dem Bauwesen waren der Einladung gefolgt, um gemeinsam mit unseren Bauherrinnen Marianne Voelker und Christiane Kirch-Jacobi, unseren Kindern und Jugendlichen sowie dem gesamten Team diesen bedeutenden Moment zu feiern.<\/p><p>Dieser Neubau ist notwendig, da das bisherige Internatsgeb\u00e4ude durch bauliche M\u00e4ngel stark besch\u00e4digt und nicht mehr bewohnbar ist. Der Neubau des Internats und des Technikgeb\u00e4udes markiert einen wichtigen Meilenstein f\u00fcr uns und steht f\u00fcr das fortw\u00e4hrende Engagement in der heilp\u00e4dagogischen Arbeit.<\/p><p><strong>\u201eWas hier ensteht, ist mehr als ein Bauwerk \u2013 es ist ein Zuhause im Werden, ein Raum f\u00fcr Ankommen, Leben und Lernen.\u201c<\/strong><\/p>\t\t\t\t\t\t\t\t<\/div>\n\t\t\t\t<\/div>\n\t\t\t\t<div class=\"elementor-element elementor-element-db1525e elementor-widget elementor-widget-gallery\" data-id=\"db1525e\" data-element_type=\"widget\" data-settings=\"{&quot;lazyload&quot;:&quot;yes&quot;,&quot;gallery_layout&quot;:&quot;grid&quot;,&quot;columns&quot;:4,&quot;columns_tablet&quot;:2,&quot;columns_mobile&quot;:1,&quot;gap&quot;:{&quot;unit&quot;:&quot;px&quot;,&quot;size&quot;:10,&quot;sizes&quot;:[]},&quot;gap_tablet&quot;:{&quot;unit&quot;:&quot;px&quot;,&quot;size&quot;:10,&quot;sizes&quot;:[]},&quot;gap_mobile&quot;:{&quot;unit&quot;:&quot;px&quot;,&quot;size&quot;:10,&quot;sizes&quot;:[]},&quot;link_to&quot;:&quot;file&quot;,&quot;aspect_ratio&quot;:&quot;3:2&quot;,&quot;overlay_background&quot;:&quot;yes&quot;,&quot;content_hover_animation&quot;:&quot;fade-in&quot;}\" data-widget_type=\"gallery.default\">\n\t\t\t\t<div class=\"elementor-widget-container\">\n\t\t\t\t\t\t\t<div class=\"elementor-gallery__container\">\n\t\t\t\t\t\t\t<a class=\"e-gallery-item elementor-gallery-item elementor-animated-content\" href=\"https:\/\/www.haus-am-muehlebach.de\/wp-content\/uploads\/2026\/01\/DSC_0196_bearb.jpg\" data-elementor-open-lightbox=\"yes\" data-elementor-lightbox-slideshow=\"db1525e\" data-elementor-lightbox-title=\"DSC_0196_bearb\" data-e-action-hash=\"#elementor-action%3Aaction%3Dlightbox%26settings%3DeyJpZCI6NTIxMywidXJsIjoiaHR0cHM6XC9cL3d3dy5oYXVzLWFtLW11ZWhsZWJhY2guZGVcL3dwLWNvbnRlbnRcL3VwbG9hZHNcLzIwMjZcLzAxXC9EU0NfMDE5Nl9iZWFyYi5qcGciLCJzbGlkZXNob3ciOiJkYjE1MjVlIn0%3D\">\n\t\t\t\t\t<div class=\"e-gallery-image elementor-gallery-item__image\" data-thumbnail=\"https:\/\/www.haus-am-muehlebach.de\/wp-content\/uploads\/2026\/01\/DSC_0196_bearb-300x200.jpg\" data-width=\"300\" data-height=\"200\" aria-label=\"\" role=\"img\" ><\/div>\n\t\t\t\t\t\t\t\t\t\t\t<div class=\"elementor-gallery-item__overlay\"><\/div>\n\t\t\t\t\t\t\t\t\t\t\t\t\t\t<\/a>\n\t\t\t\t\t\t\t<a class=\"e-gallery-item elementor-gallery-item elementor-animated-content\" href=\"https:\/\/www.haus-am-muehlebach.de\/wp-content\/uploads\/2025\/10\/Internat_3_29.10.25_.jpg\" data-elementor-open-lightbox=\"yes\" data-elementor-lightbox-slideshow=\"db1525e\" data-elementor-lightbox-title=\"Internat_3_29.10.25_\" data-e-action-hash=\"#elementor-action%3Aaction%3Dlightbox%26settings%3DeyJpZCI6NTE2NiwidXJsIjoiaHR0cHM6XC9cL3d3dy5oYXVzLWFtLW11ZWhsZWJhY2guZGVcL3dwLWNvbnRlbnRcL3VwbG9hZHNcLzIwMjVcLzEwXC9JbnRlcm5hdF8zXzI5LjEwLjI1Xy5qcGciLCJzbGlkZXNob3ciOiJkYjE1MjVlIn0%3D\">\n\t\t\t\t\t<div class=\"e-gallery-image elementor-gallery-item__image\" data-thumbnail=\"https:\/\/www.haus-am-muehlebach.de\/wp-content\/uploads\/2025\/10\/Internat_3_29.10.25_-200x300.jpg\" data-width=\"200\" data-height=\"300\" aria-label=\"\" role=\"img\" ><\/div>\n\t\t\t\t\t\t\t\t\t\t\t<div class=\"elementor-gallery-item__overlay\"><\/div>\n\t\t\t\t\t\t\t\t\t\t\t\t\t\t<\/a>\n\t\t\t\t\t\t\t<a class=\"e-gallery-item elementor-gallery-item elementor-animated-content\" href=\"https:\/\/www.haus-am-muehlebach.de\/wp-content\/uploads\/2025\/10\/Internat_9_29.10.25_.jpg\" data-elementor-open-lightbox=\"yes\" data-elementor-lightbox-slideshow=\"db1525e\" data-elementor-lightbox-title=\"Internat_9_29.10.25_\" data-e-action-hash=\"#elementor-action%3Aaction%3Dlightbox%26settings%3DeyJpZCI6NTE2NywidXJsIjoiaHR0cHM6XC9cL3d3dy5oYXVzLWFtLW11ZWhsZWJhY2guZGVcL3dwLWNvbnRlbnRcL3VwbG9hZHNcLzIwMjVcLzEwXC9JbnRlcm5hdF85XzI5LjEwLjI1Xy5qcGciLCJzbGlkZXNob3ciOiJkYjE1MjVlIn0%3D\">\n\t\t\t\t\t<div class=\"e-gallery-image elementor-gallery-item__image\" data-thumbnail=\"https:\/\/www.haus-am-muehlebach.de\/wp-content\/uploads\/2025\/10\/Internat_9_29.10.25_-300x200.jpg\" data-width=\"300\" data-height=\"200\" aria-label=\"\" role=\"img\" ><\/div>\n\t\t\t\t\t\t\t\t\t\t\t<div class=\"elementor-gallery-item__overlay\"><\/div>\n\t\t\t\t\t\t\t\t\t\t\t\t\t\t<\/a>\n\t\t\t\t\t\t\t<a class=\"e-gallery-item elementor-gallery-item elementor-animated-content\" href=\"https:\/\/www.haus-am-muehlebach.de\/wp-content\/uploads\/2025\/08\/10.07.25_Internat_7.jpg\" data-elementor-open-lightbox=\"yes\" data-elementor-lightbox-slideshow=\"db1525e\" data-elementor-lightbox-title=\"10.07.25_Internat_7\" data-e-action-hash=\"#elementor-action%3Aaction%3Dlightbox%26settings%3DeyJpZCI6NTEzOSwidXJsIjoiaHR0cHM6XC9cL3d3dy5oYXVzLWFtLW11ZWhsZWJhY2guZGVcL3dwLWNvbnRlbnRcL3VwbG9hZHNcLzIwMjVcLzA4XC8xMC4wNy4yNV9JbnRlcm5hdF83LmpwZyIsInNsaWRlc2hvdyI6ImRiMTUyNWUifQ%3D%3D\">\n\t\t\t\t\t<div class=\"e-gallery-image elementor-gallery-item__image\" data-thumbnail=\"https:\/\/www.haus-am-muehlebach.de\/wp-content\/uploads\/2025\/08\/10.07.25_Internat_7-200x300.jpg\" data-width=\"200\" data-height=\"300\" aria-label=\"\" role=\"img\" ><\/div>\n\t\t\t\t\t\t\t\t\t\t\t<div class=\"elementor-gallery-item__overlay\"><\/div>\n\t\t\t\t\t\t\t\t\t\t\t\t\t\t<\/a>\n\t\t\t\t\t\t\t<a class=\"e-gallery-item elementor-gallery-item elementor-animated-content\" href=\"https:\/\/www.haus-am-muehlebach.de\/wp-content\/uploads\/2025\/08\/10.07.25_Internat_8.jpg\" data-elementor-open-lightbox=\"yes\" data-elementor-lightbox-slideshow=\"db1525e\" data-elementor-lightbox-title=\"10.07.25_Internat_8\" data-e-action-hash=\"#elementor-action%3Aaction%3Dlightbox%26settings%3DeyJpZCI6NTEzOCwidXJsIjoiaHR0cHM6XC9cL3d3dy5oYXVzLWFtLW11ZWhsZWJhY2guZGVcL3dwLWNvbnRlbnRcL3VwbG9hZHNcLzIwMjVcLzA4XC8xMC4wNy4yNV9JbnRlcm5hdF84LmpwZyIsInNsaWRlc2hvdyI6ImRiMTUyNWUifQ%3D%3D\">\n\t\t\t\t\t<div class=\"e-gallery-image elementor-gallery-item__image\" data-thumbnail=\"https:\/\/www.haus-am-muehlebach.de\/wp-content\/uploads\/2025\/08\/10.07.25_Internat_8-300x200.jpg\" data-width=\"300\" data-height=\"200\" aria-label=\"\" role=\"img\" ><\/div>\n\t\t\t\t\t\t\t\t\t\t\t<div class=\"elementor-gallery-item__overlay\"><\/div>\n\t\t\t\t\t\t\t\t\t\t\t\t\t\t<\/a>\n\t\t\t\t\t\t\t<a class=\"e-gallery-item elementor-gallery-item elementor-animated-content\" href=\"https:\/\/www.haus-am-muehlebach.de\/wp-content\/uploads\/2025\/06\/17.06.25_Internat_2-scaled.jpg\" data-elementor-open-lightbox=\"yes\" data-elementor-lightbox-slideshow=\"db1525e\" data-elementor-lightbox-title=\"17.06.25_Internat_2\" data-e-action-hash=\"#elementor-action%3Aaction%3Dlightbox%26settings%3DeyJpZCI6NDcwOCwidXJsIjoiaHR0cHM6XC9cL3d3dy5oYXVzLWFtLW11ZWhsZWJhY2guZGVcL3dwLWNvbnRlbnRcL3VwbG9hZHNcLzIwMjVcLzA2XC8xNy4wNi4yNV9JbnRlcm5hdF8yLXNjYWxlZC5qcGciLCJzbGlkZXNob3ciOiJkYjE1MjVlIn0%3D\">\n\t\t\t\t\t<div class=\"e-gallery-image elementor-gallery-item__image\" data-thumbnail=\"https:\/\/www.haus-am-muehlebach.de\/wp-content\/uploads\/2025\/06\/17.06.25_Internat_2-300x200.jpg\" data-width=\"300\" data-height=\"200\" aria-label=\"\" role=\"img\" ><\/div>\n\t\t\t\t\t\t\t\t\t\t\t<div class=\"elementor-gallery-item__overlay\"><\/div>\n\t\t\t\t\t\t\t\t\t\t\t\t\t\t<\/a>\n\t\t\t\t\t\t\t<a class=\"e-gallery-item elementor-gallery-item elementor-animated-content\" href=\"https:\/\/www.haus-am-muehlebach.de\/wp-content\/uploads\/2025\/06\/17.06.25_Internat_3-scaled.jpg\" data-elementor-open-lightbox=\"yes\" data-elementor-lightbox-slideshow=\"db1525e\" data-elementor-lightbox-title=\"17.06.25_Internat_3\" data-e-action-hash=\"#elementor-action%3Aaction%3Dlightbox%26settings%3DeyJpZCI6NDcwNywidXJsIjoiaHR0cHM6XC9cL3d3dy5oYXVzLWFtLW11ZWhsZWJhY2guZGVcL3dwLWNvbnRlbnRcL3VwbG9hZHNcLzIwMjVcLzA2XC8xNy4wNi4yNV9JbnRlcm5hdF8zLXNjYWxlZC5qcGciLCJzbGlkZXNob3ciOiJkYjE1MjVlIn0%3D\">\n\t\t\t\t\t<div class=\"e-gallery-image elementor-gallery-item__image\" data-thumbnail=\"https:\/\/www.haus-am-muehlebach.de\/wp-content\/uploads\/2025\/06\/17.06.25_Internat_3-300x200.jpg\" data-width=\"300\" data-height=\"200\" aria-label=\"\" role=\"img\" ><\/div>\n\t\t\t\t\t\t\t\t\t\t\t<div class=\"elementor-gallery-item__overlay\"><\/div>\n\t\t\t\t\t\t\t\t\t\t\t\t\t\t<\/a>\n\t\t\t\t\t\t\t<a class=\"e-gallery-item elementor-gallery-item elementor-animated-content\" href=\"https:\/\/www.haus-am-muehlebach.de\/wp-content\/uploads\/2025\/06\/25.06.25_Internat_1-scaled.jpg\" data-elementor-open-lightbox=\"yes\" data-elementor-lightbox-slideshow=\"db1525e\" data-elementor-lightbox-title=\"25.06.25_Internat_1\" data-e-action-hash=\"#elementor-action%3Aaction%3Dlightbox%26settings%3DeyJpZCI6NDcwNiwidXJsIjoiaHR0cHM6XC9cL3d3dy5oYXVzLWFtLW11ZWhsZWJhY2guZGVcL3dwLWNvbnRlbnRcL3VwbG9hZHNcLzIwMjVcLzA2XC8yNS4wNi4yNV9JbnRlcm5hdF8xLXNjYWxlZC5qcGciLCJzbGlkZXNob3ciOiJkYjE1MjVlIn0%3D\">\n\t\t\t\t\t<div class=\"e-gallery-image elementor-gallery-item__image\" data-thumbnail=\"https:\/\/www.haus-am-muehlebach.de\/wp-content\/uploads\/2025\/06\/25.06.25_Internat_1-300x200.jpg\" data-width=\"300\" data-height=\"200\" aria-label=\"\" role=\"img\" ><\/div>\n\t\t\t\t\t\t\t\t\t\t\t<div class=\"elementor-gallery-item__overlay\"><\/div>\n\t\t\t\t\t\t\t\t\t\t\t\t\t\t<\/a>\n\t\t\t\t\t\t\t<a class=\"e-gallery-item elementor-gallery-item elementor-animated-content\" href=\"https:\/\/www.haus-am-muehlebach.de\/wp-content\/uploads\/2025\/05\/26.05.25_Internat_1-scaled.jpg\" data-elementor-open-lightbox=\"yes\" data-elementor-lightbox-slideshow=\"db1525e\" data-elementor-lightbox-title=\"26.05.25_Internat_1\" data-e-action-hash=\"#elementor-action%3Aaction%3Dlightbox%26settings%3DeyJpZCI6NDcwMCwidXJsIjoiaHR0cHM6XC9cL3d3dy5oYXVzLWFtLW11ZWhsZWJhY2guZGVcL3dwLWNvbnRlbnRcL3VwbG9hZHNcLzIwMjVcLzA1XC8yNi4wNS4yNV9JbnRlcm5hdF8xLXNjYWxlZC5qcGciLCJzbGlkZXNob3ciOiJkYjE1MjVlIn0%3D\">\n\t\t\t\t\t<div class=\"e-gallery-image elementor-gallery-item__image\" data-thumbnail=\"https:\/\/www.haus-am-muehlebach.de\/wp-content\/uploads\/2025\/05\/26.05.25_Internat_1-300x200.jpg\" data-width=\"300\" data-height=\"200\" aria-label=\"\" role=\"img\" ><\/div>\n\t\t\t\t\t\t\t\t\t\t\t<div class=\"elementor-gallery-item__overlay\"><\/div>\n\t\t\t\t\t\t\t\t\t\t\t\t\t\t<\/a>\n\t\t\t\t\t\t\t<a class=\"e-gallery-item elementor-gallery-item elementor-animated-content\" href=\"https:\/\/www.haus-am-muehlebach.de\/wp-content\/uploads\/2025\/05\/20.05.25_Internat_2-1-scaled.jpg\" data-elementor-open-lightbox=\"yes\" data-elementor-lightbox-slideshow=\"db1525e\" data-elementor-lightbox-title=\"20.05.25_Internat_2\" data-e-action-hash=\"#elementor-action%3Aaction%3Dlightbox%26settings%3DeyJpZCI6NDY3OCwidXJsIjoiaHR0cHM6XC9cL3d3dy5oYXVzLWFtLW11ZWhsZWJhY2guZGVcL3dwLWNvbnRlbnRcL3VwbG9hZHNcLzIwMjVcLzA1XC8yMC4wNS4yNV9JbnRlcm5hdF8yLTEtc2NhbGVkLmpwZyIsInNsaWRlc2hvdyI6ImRiMTUyNWUifQ%3D%3D\">\n\t\t\t\t\t<div class=\"e-gallery-image elementor-gallery-item__image\" data-thumbnail=\"https:\/\/www.haus-am-muehlebach.de\/wp-content\/uploads\/2025\/05\/20.05.25_Internat_2-1-300x200.jpg\" data-width=\"300\" data-height=\"200\" aria-label=\"\" role=\"img\" ><\/div>\n\t\t\t\t\t\t\t\t\t\t\t<div class=\"elementor-gallery-item__overlay\"><\/div>\n\t\t\t\t\t\t\t\t\t\t\t\t\t\t<\/a>\n\t\t\t\t\t\t\t<a class=\"e-gallery-item elementor-gallery-item elementor-animated-content\" href=\"https:\/\/www.haus-am-muehlebach.de\/wp-content\/uploads\/2025\/05\/12.05.25_Internat_4-scaled.jpg\" data-elementor-open-lightbox=\"yes\" data-elementor-lightbox-slideshow=\"db1525e\" data-elementor-lightbox-title=\"12.05.25_Internat_4\" data-e-action-hash=\"#elementor-action%3Aaction%3Dlightbox%26settings%3DeyJpZCI6NDY2NywidXJsIjoiaHR0cHM6XC9cL3d3dy5oYXVzLWFtLW11ZWhsZWJhY2guZGVcL3dwLWNvbnRlbnRcL3VwbG9hZHNcLzIwMjVcLzA1XC8xMi4wNS4yNV9JbnRlcm5hdF80LXNjYWxlZC5qcGciLCJzbGlkZXNob3ciOiJkYjE1MjVlIn0%3D\">\n\t\t\t\t\t<div class=\"e-gallery-image elementor-gallery-item__image\" data-thumbnail=\"https:\/\/www.haus-am-muehlebach.de\/wp-content\/uploads\/2025\/05\/12.05.25_Internat_4-300x200.jpg\" data-width=\"300\" data-height=\"200\" aria-label=\"\" role=\"img\" ><\/div>\n\t\t\t\t\t\t\t\t\t\t\t<div class=\"elementor-gallery-item__overlay\"><\/div>\n\t\t\t\t\t\t\t\t\t\t\t\t\t\t<\/a>\n\t\t\t\t\t\t\t<a class=\"e-gallery-item elementor-gallery-item elementor-animated-content\" href=\"https:\/\/www.haus-am-muehlebach.de\/wp-content\/uploads\/2025\/05\/06.05.25_Internat_3-scaled.jpg\" data-elementor-open-lightbox=\"yes\" data-elementor-lightbox-slideshow=\"db1525e\" data-elementor-lightbox-title=\"06.05.25_Internat_3\" data-e-action-hash=\"#elementor-action%3Aaction%3Dlightbox%26settings%3DeyJpZCI6NDY2OCwidXJsIjoiaHR0cHM6XC9cL3d3dy5oYXVzLWFtLW11ZWhsZWJhY2guZGVcL3dwLWNvbnRlbnRcL3VwbG9hZHNcLzIwMjVcLzA1XC8wNi4wNS4yNV9JbnRlcm5hdF8zLXNjYWxlZC5qcGciLCJzbGlkZXNob3ciOiJkYjE1MjVlIn0%3D\">\n\t\t\t\t\t<div class=\"e-gallery-image elementor-gallery-item__image\" data-thumbnail=\"https:\/\/www.haus-am-muehlebach.de\/wp-content\/uploads\/2025\/05\/06.05.25_Internat_3-300x200.jpg\" data-width=\"300\" data-height=\"200\" aria-label=\"\" role=\"img\" ><\/div>\n\t\t\t\t\t\t\t\t\t\t\t<div class=\"elementor-gallery-item__overlay\"><\/div>\n\t\t\t\t\t\t\t\t\t\t\t\t\t\t<\/a>\n\t\t\t\t\t\t\t<a class=\"e-gallery-item elementor-gallery-item elementor-animated-content\" href=\"https:\/\/www.haus-am-muehlebach.de\/wp-content\/uploads\/2025\/05\/28.04.25_Internat_4-scaled.jpg\" data-elementor-open-lightbox=\"yes\" data-elementor-lightbox-slideshow=\"db1525e\" data-elementor-lightbox-title=\"28.04.25_Internat_4\" data-e-action-hash=\"#elementor-action%3Aaction%3Dlightbox%26settings%3DeyJpZCI6NDY2OSwidXJsIjoiaHR0cHM6XC9cL3d3dy5oYXVzLWFtLW11ZWhsZWJhY2guZGVcL3dwLWNvbnRlbnRcL3VwbG9hZHNcLzIwMjVcLzA1XC8yOC4wNC4yNV9JbnRlcm5hdF80LXNjYWxlZC5qcGciLCJzbGlkZXNob3ciOiJkYjE1MjVlIn0%3D\">\n\t\t\t\t\t<div class=\"e-gallery-image elementor-gallery-item__image\" data-thumbnail=\"https:\/\/www.haus-am-muehlebach.de\/wp-content\/uploads\/2025\/05\/28.04.25_Internat_4-300x200.jpg\" data-width=\"300\" data-height=\"200\" aria-label=\"\" role=\"img\" ><\/div>\n\t\t\t\t\t\t\t\t\t\t\t<div class=\"elementor-gallery-item__overlay\"><\/div>\n\t\t\t\t\t\t\t\t\t\t\t\t\t\t<\/a>\n\t\t\t\t\t\t\t<a class=\"e-gallery-item elementor-gallery-item elementor-animated-content\" href=\"https:\/\/www.haus-am-muehlebach.de\/wp-content\/uploads\/2025\/04\/Internat_23.04.25_1-scaled.jpg\" data-elementor-open-lightbox=\"yes\" data-elementor-lightbox-slideshow=\"db1525e\" data-elementor-lightbox-title=\"Internat_23.04.25_1\" data-e-action-hash=\"#elementor-action%3Aaction%3Dlightbox%26settings%3DeyJpZCI6NDYwMCwidXJsIjoiaHR0cHM6XC9cL3d3dy5oYXVzLWFtLW11ZWhsZWJhY2guZGVcL3dwLWNvbnRlbnRcL3VwbG9hZHNcLzIwMjVcLzA0XC9JbnRlcm5hdF8yMy4wNC4yNV8xLXNjYWxlZC5qcGciLCJzbGlkZXNob3ciOiJkYjE1MjVlIn0%3D\">\n\t\t\t\t\t<div class=\"e-gallery-image elementor-gallery-item__image\" data-thumbnail=\"https:\/\/www.haus-am-muehlebach.de\/wp-content\/uploads\/2025\/04\/Internat_23.04.25_1-300x200.jpg\" data-width=\"300\" data-height=\"200\" aria-label=\"\" role=\"img\" ><\/div>\n\t\t\t\t\t\t\t\t\t\t\t<div class=\"elementor-gallery-item__overlay\"><\/div>\n\t\t\t\t\t\t\t\t\t\t\t\t\t\t<\/a>\n\t\t\t\t\t\t\t<a class=\"e-gallery-item elementor-gallery-item elementor-animated-content\" href=\"https:\/\/www.haus-am-muehlebach.de\/wp-content\/uploads\/2025\/04\/Internat_06.02.25_2-scaled.jpg\" data-elementor-open-lightbox=\"yes\" data-elementor-lightbox-slideshow=\"db1525e\" data-elementor-lightbox-title=\"Internat_06.02.25_2\" data-e-action-hash=\"#elementor-action%3Aaction%3Dlightbox%26settings%3DeyJpZCI6NDYwMSwidXJsIjoiaHR0cHM6XC9cL3d3dy5oYXVzLWFtLW11ZWhsZWJhY2guZGVcL3dwLWNvbnRlbnRcL3VwbG9hZHNcLzIwMjVcLzA0XC9JbnRlcm5hdF8wNi4wMi4yNV8yLXNjYWxlZC5qcGciLCJzbGlkZXNob3ciOiJkYjE1MjVlIn0%3D\">\n\t\t\t\t\t<div class=\"e-gallery-image elementor-gallery-item__image\" data-thumbnail=\"https:\/\/www.haus-am-muehlebach.de\/wp-content\/uploads\/2025\/04\/Internat_06.02.25_2-300x200.jpg\" data-width=\"300\" data-height=\"200\" aria-label=\"\" role=\"img\" ><\/div>\n\t\t\t\t\t\t\t\t\t\t\t<div class=\"elementor-gallery-item__overlay\"><\/div>\n\t\t\t\t\t\t\t\t\t\t\t\t\t\t<\/a>\n\t\t\t\t\t\t\t<a class=\"e-gallery-item elementor-gallery-item elementor-animated-content\" href=\"https:\/\/www.haus-am-muehlebach.de\/wp-content\/uploads\/2025\/04\/Internat_14.01.25_2-scaled.jpg\" data-elementor-open-lightbox=\"yes\" data-elementor-lightbox-slideshow=\"db1525e\" data-elementor-lightbox-title=\"Internat_14.01.25_2\" data-e-action-hash=\"#elementor-action%3Aaction%3Dlightbox%26settings%3DeyJpZCI6NDYwMiwidXJsIjoiaHR0cHM6XC9cL3d3dy5oYXVzLWFtLW11ZWhsZWJhY2guZGVcL3dwLWNvbnRlbnRcL3VwbG9hZHNcLzIwMjVcLzA0XC9JbnRlcm5hdF8xNC4wMS4yNV8yLXNjYWxlZC5qcGciLCJzbGlkZXNob3ciOiJkYjE1MjVlIn0%3D\">\n\t\t\t\t\t<div class=\"e-gallery-image elementor-gallery-item__image\" data-thumbnail=\"https:\/\/www.haus-am-muehlebach.de\/wp-content\/uploads\/2025\/04\/Internat_14.01.25_2-300x200.jpg\" data-width=\"300\" data-height=\"200\" aria-label=\"\" role=\"img\" ><\/div>\n\t\t\t\t\t\t\t\t\t\t\t<div class=\"elementor-gallery-item__overlay\"><\/div>\n\t\t\t\t\t\t\t\t\t\t\t\t\t\t<\/a>\n\t\t\t\t\t\t\t<a class=\"e-gallery-item elementor-gallery-item elementor-animated-content\" href=\"https:\/\/www.haus-am-muehlebach.de\/wp-content\/uploads\/2025\/04\/02.12.24_Internat_22-scaled.jpg\" data-elementor-open-lightbox=\"yes\" data-elementor-lightbox-slideshow=\"db1525e\" data-elementor-lightbox-title=\"02.12.24_Internat_22\" data-e-action-hash=\"#elementor-action%3Aaction%3Dlightbox%26settings%3DeyJpZCI6NDYwMywidXJsIjoiaHR0cHM6XC9cL3d3dy5oYXVzLWFtLW11ZWhsZWJhY2guZGVcL3dwLWNvbnRlbnRcL3VwbG9hZHNcLzIwMjVcLzA0XC8wMi4xMi4yNF9JbnRlcm5hdF8yMi1zY2FsZWQuanBnIiwic2xpZGVzaG93IjoiZGIxNTI1ZSJ9\">\n\t\t\t\t\t<div class=\"e-gallery-image elementor-gallery-item__image\" data-thumbnail=\"https:\/\/www.haus-am-muehlebach.de\/wp-content\/uploads\/2025\/04\/02.12.24_Internat_22-300x200.jpg\" data-width=\"300\" data-height=\"200\" aria-label=\"\" role=\"img\" ><\/div>\n\t\t\t\t\t\t\t\t\t\t\t<div class=\"elementor-gallery-item__overlay\"><\/div>\n\t\t\t\t\t\t\t\t\t\t\t\t\t\t<\/a>\n\t\t\t\t\t\t\t<a class=\"e-gallery-item elementor-gallery-item elementor-animated-content\" href=\"https:\/\/www.haus-am-muehlebach.de\/wp-content\/uploads\/2025\/04\/18.11.24_Internat_2-1-scaled.jpg\" data-elementor-open-lightbox=\"yes\" data-elementor-lightbox-slideshow=\"db1525e\" data-elementor-lightbox-title=\"18.11.24_Internat_2\" data-e-action-hash=\"#elementor-action%3Aaction%3Dlightbox%26settings%3DeyJpZCI6NDYwNCwidXJsIjoiaHR0cHM6XC9cL3d3dy5oYXVzLWFtLW11ZWhsZWJhY2guZGVcL3dwLWNvbnRlbnRcL3VwbG9hZHNcLzIwMjVcLzA0XC8xOC4xMS4yNF9JbnRlcm5hdF8yLTEtc2NhbGVkLmpwZyIsInNsaWRlc2hvdyI6ImRiMTUyNWUifQ%3D%3D\">\n\t\t\t\t\t<div class=\"e-gallery-image elementor-gallery-item__image\" data-thumbnail=\"https:\/\/www.haus-am-muehlebach.de\/wp-content\/uploads\/2025\/04\/18.11.24_Internat_2-1-300x200.jpg\" data-width=\"300\" data-height=\"200\" aria-label=\"\" role=\"img\" ><\/div>\n\t\t\t\t\t\t\t\t\t\t\t<div class=\"elementor-gallery-item__overlay\"><\/div>\n\t\t\t\t\t\t\t\t\t\t\t\t\t\t<\/a>\n\t\t\t\t\t<\/div>\n\t\t\t\t\t<\/div>\n\t\t\t\t<\/div>\n\t\t\t\t<div class=\"elementor-element elementor-element-434cb5d elementor-widget elementor-widget-heading\" data-id=\"434cb5d\" data-element_type=\"widget\" data-widget_type=\"heading.default\">\n\t\t\t\t<div class=\"elementor-widget-container\">\n\t\t\t\t\t<h4 class=\"elementor-heading-title elementor-size-default\">Spatenstich 2024<\/h4>\t\t\t\t<\/div>\n\t\t\t\t<\/div>\n\t\t\t\t<div class=\"elementor-element elementor-element-137f37a elementor-widget elementor-widget-gallery\" data-id=\"137f37a\" data-element_type=\"widget\" data-settings=\"{&quot;lazyload&quot;:&quot;yes&quot;,&quot;gallery_layout&quot;:&quot;grid&quot;,&quot;columns&quot;:4,&quot;columns_tablet&quot;:2,&quot;columns_mobile&quot;:1,&quot;gap&quot;:{&quot;unit&quot;:&quot;px&quot;,&quot;size&quot;:10,&quot;sizes&quot;:[]},&quot;gap_tablet&quot;:{&quot;unit&quot;:&quot;px&quot;,&quot;size&quot;:10,&quot;sizes&quot;:[]},&quot;gap_mobile&quot;:{&quot;unit&quot;:&quot;px&quot;,&quot;size&quot;:10,&quot;sizes&quot;:[]},&quot;link_to&quot;:&quot;file&quot;,&quot;aspect_ratio&quot;:&quot;3:2&quot;,&quot;overlay_background&quot;:&quot;yes&quot;,&quot;content_hover_animation&quot;:&quot;fade-in&quot;}\" data-widget_type=\"gallery.default\">\n\t\t\t\t<div class=\"elementor-widget-container\">\n\t\t\t\t\t\t\t<div class=\"elementor-gallery__container\">\n\t\t\t\t\t\t\t<a class=\"e-gallery-item elementor-gallery-item elementor-animated-content\" href=\"https:\/\/www.haus-am-muehlebach.de\/wp-content\/uploads\/2024\/11\/DSC_0035_kl.jpg\" data-elementor-open-lightbox=\"yes\" data-elementor-lightbox-slideshow=\"137f37a\" data-elementor-lightbox-title=\"DSC_0035_kl\" data-e-action-hash=\"#elementor-action%3Aaction%3Dlightbox%26settings%3DeyJpZCI6NDIzNywidXJsIjoiaHR0cHM6XC9cL3d3dy5oYXVzLWFtLW11ZWhsZWJhY2guZGVcL3dwLWNvbnRlbnRcL3VwbG9hZHNcLzIwMjRcLzExXC9EU0NfMDAzNV9rbC5qcGciLCJzbGlkZXNob3ciOiIxMzdmMzdhIn0%3D\">\n\t\t\t\t\t<div class=\"e-gallery-image elementor-gallery-item__image\" data-thumbnail=\"https:\/\/www.haus-am-muehlebach.de\/wp-content\/uploads\/2024\/11\/DSC_0035_kl-300x205.jpg\" data-width=\"300\" data-height=\"205\" aria-label=\"\" role=\"img\" ><\/div>\n\t\t\t\t\t\t\t\t\t\t\t<div class=\"elementor-gallery-item__overlay\"><\/div>\n\t\t\t\t\t\t\t\t\t\t\t\t\t\t<\/a>\n\t\t\t\t\t\t\t<a class=\"e-gallery-item elementor-gallery-item elementor-animated-content\" href=\"https:\/\/www.haus-am-muehlebach.de\/wp-content\/uploads\/2024\/11\/DSC_0043_kl.jpg\" data-elementor-open-lightbox=\"yes\" data-elementor-lightbox-slideshow=\"137f37a\" data-elementor-lightbox-title=\"DSC_0043_kl\" data-e-action-hash=\"#elementor-action%3Aaction%3Dlightbox%26settings%3DeyJpZCI6NDIzOCwidXJsIjoiaHR0cHM6XC9cL3d3dy5oYXVzLWFtLW11ZWhsZWJhY2guZGVcL3dwLWNvbnRlbnRcL3VwbG9hZHNcLzIwMjRcLzExXC9EU0NfMDA0M19rbC5qcGciLCJzbGlkZXNob3ciOiIxMzdmMzdhIn0%3D\">\n\t\t\t\t\t<div class=\"e-gallery-image elementor-gallery-item__image\" data-thumbnail=\"https:\/\/www.haus-am-muehlebach.de\/wp-content\/uploads\/2024\/11\/DSC_0043_kl-300x219.jpg\" data-width=\"300\" data-height=\"219\" aria-label=\"\" role=\"img\" ><\/div>\n\t\t\t\t\t\t\t\t\t\t\t<div class=\"elementor-gallery-item__overlay\"><\/div>\n\t\t\t\t\t\t\t\t\t\t\t\t\t\t<\/a>\n\t\t\t\t\t\t\t<a class=\"e-gallery-item elementor-gallery-item elementor-animated-content\" href=\"https:\/\/www.haus-am-muehlebach.de\/wp-content\/uploads\/2024\/11\/IMG_20241107_100350_kl.jpg\" data-elementor-open-lightbox=\"yes\" data-elementor-lightbox-slideshow=\"137f37a\" data-elementor-lightbox-title=\"IMG_20241107_100350_kl\" data-e-action-hash=\"#elementor-action%3Aaction%3Dlightbox%26settings%3DeyJpZCI6NDI0NiwidXJsIjoiaHR0cHM6XC9cL3d3dy5oYXVzLWFtLW11ZWhsZWJhY2guZGVcL3dwLWNvbnRlbnRcL3VwbG9hZHNcLzIwMjRcLzExXC9JTUdfMjAyNDExMDdfMTAwMzUwX2tsLmpwZyIsInNsaWRlc2hvdyI6IjEzN2YzN2EifQ%3D%3D\">\n\t\t\t\t\t<div class=\"e-gallery-image elementor-gallery-item__image\" data-thumbnail=\"https:\/\/www.haus-am-muehlebach.de\/wp-content\/uploads\/2024\/11\/IMG_20241107_100350_kl-300x225.jpg\" data-width=\"300\" data-height=\"225\" aria-label=\"\" role=\"img\" ><\/div>\n\t\t\t\t\t\t\t\t\t\t\t<div class=\"elementor-gallery-item__overlay\"><\/div>\n\t\t\t\t\t\t\t\t\t\t\t\t\t\t<\/a>\n\t\t\t\t\t\t\t<a class=\"e-gallery-item elementor-gallery-item elementor-animated-content\" href=\"https:\/\/www.haus-am-muehlebach.de\/wp-content\/uploads\/2024\/11\/image-10_kl.jpg\" data-elementor-open-lightbox=\"yes\" data-elementor-lightbox-slideshow=\"137f37a\" data-elementor-lightbox-title=\"image (10)_kl\" data-e-action-hash=\"#elementor-action%3Aaction%3Dlightbox%26settings%3DeyJpZCI6NDI0NCwidXJsIjoiaHR0cHM6XC9cL3d3dy5oYXVzLWFtLW11ZWhsZWJhY2guZGVcL3dwLWNvbnRlbnRcL3VwbG9hZHNcLzIwMjRcLzExXC9pbWFnZS0xMF9rbC5qcGciLCJzbGlkZXNob3ciOiIxMzdmMzdhIn0%3D\">\n\t\t\t\t\t<div class=\"e-gallery-image elementor-gallery-item__image\" data-thumbnail=\"https:\/\/www.haus-am-muehlebach.de\/wp-content\/uploads\/2024\/11\/image-10_kl-285x300.jpg\" data-width=\"285\" data-height=\"300\" aria-label=\"\" role=\"img\" ><\/div>\n\t\t\t\t\t\t\t\t\t\t\t<div class=\"elementor-gallery-item__overlay\"><\/div>\n\t\t\t\t\t\t\t\t\t\t\t\t\t\t<\/a>\n\t\t\t\t\t<\/div>\n\t\t\t\t\t<\/div>\n\t\t\t\t<\/div>\n\t\t\t\t<div class=\"elementor-element elementor-element-af10b04 elementor-widget elementor-widget-accordion\" data-id=\"af10b04\" data-element_type=\"widget\" data-widget_type=\"accordion.default\">\n\t\t\t\t<div class=\"elementor-widget-container\">\n\t\t\t\t\t\t\t<div class=\"elementor-accordion\">\n\t\t\t\t\t\t\t<div class=\"elementor-accordion-item\">\n\t\t\t\t\t<div id=\"elementor-tab-title-1831\" class=\"elementor-tab-title\" data-tab=\"1\" role=\"button\" aria-controls=\"elementor-tab-content-1831\" aria-expanded=\"false\">\n\t\t\t\t\t\t\t\t\t\t\t\t\t<span class=\"elementor-accordion-icon elementor-accordion-icon-left\" aria-hidden=\"true\">\n\t\t\t\t\t\t\t\t\t\t\t\t\t\t\t<span class=\"elementor-accordion-icon-closed\"><i class=\"fas fa-plus\"><\/i><\/span>\n\t\t\t\t\t\t\t\t<span class=\"elementor-accordion-icon-opened\"><i class=\"fas fa-minus\"><\/i><\/span>\n\t\t\t\t\t\t\t\t\t\t\t\t\t\t<\/span>\n\t\t\t\t\t\t\t\t\t\t\t\t<a class=\"elementor-accordion-title\" tabindex=\"0\">Spatenstich f\u00fcr das neue Internatsgeb\u00e4ude des SBBZ Haus am M\u00fchlebach<\/a>\n\t\t\t\t\t<\/div>\n\t\t\t\t\t<div id=\"elementor-tab-content-1831\" class=\"elementor-tab-content elementor-clearfix\" data-tab=\"1\" role=\"region\" aria-labelledby=\"elementor-tab-title-1831\"><p>Heute, am 07. November 2024 fiel der Startschuss f\u00fcr ein wegweisendes Bauprojekt: Mit dem symbolischen Spatenstich begann offiziell der Bau eines neuen Internats f\u00fcr Kinder und Jugendliche, das in den kommenden Monaten auf dem Gel\u00e4nde des SBBZ Haus am M\u00fchlebach in M\u00fchlhausen-Ehingen entstehen wird. Der Neubau war notwendig geworden, da das bisherige Internatsgeb\u00e4ude erhebliche bauliche M\u00e4ngel aufweist und den heutigen modernen Standards nicht mehr entspricht. Die Bauherrinnen des Haus am M\u00fchlebach, Frau Marianne Voelker und Frau Christiane Kirch-Jacobi, schaffen so eine moderne, sichere und f\u00f6rdernde Umgebung f\u00fcr junge Menschen, in der sie ihre schulische und pers\u00f6nliche Entwicklung optimal entfalten k\u00f6nnen.<\/p><p>Das SBBZ Haus am M\u00fchlebach, ein staatlich anerkanntes sonderp\u00e4dagogisches Bildungs- und Beratungszentrum mit Internat in freier Tr\u00e4gerschaft, bietet Kindern und Jugendlichen mit kognitiven, seelischen oder mehrfachen Behinderungen ein sicheres Zuhause. Rund 50 Sch\u00fcler*innen besuchen die Schule und den Schulkindergarten, etwa 30 von ihnen leben im Internat und werden in kleinen, individuellen Wohngruppen betreut. Die \u00fcbrigen besuchen die Einrichtung als Tagessch\u00fcler*innen.<\/p><p>Das neue Geb\u00e4ude wird Platz f\u00fcr rund 18 Sch\u00fclerinnen und Sch\u00fcler bieten und ist speziell darauf ausgerichtet, den individuellen Bed\u00fcrfnissen junger Menschen gerecht zu werden. Geplant sind modern ausgestattete Wohnr\u00e4ume, Gemeinschaftsr\u00e4ume sowie ein separates Technikgeb\u00e4ude, das der haustechnischen Versorgung aller Geb\u00e4ude auf dem Areal dient.\u00a0 Das p\u00e4dagogische Konzept des Internats verfolgt einen ganzheitlichen Ansatz, der sowohl schulische als auch soziale und pers\u00f6nliche Kompetenzen f\u00f6rdert.<\/p><p>\u201eWir freuen uns, dass wir mit dem Bau dieses Internats einen Ort schaffen k\u00f6nnen, an dem junge Menschen unter m\u00f6glichst idealen Bedingungen lernen und wachsen k\u00f6nnen\u201c, erkl\u00e4rten die Bauherrinnen vom Haus am M\u00fchlebach beim heutigen Spatenstich. \u201eUnser Ziel ist es, ihnen ein zweites Zuhause zu bieten und sie bestm\u00f6glich auf ihren weiteren Lebensweg vorzubereiten.\u201c<\/p><p>Der Bau wird voraussichtlich bis Fr\u00fchling 2026 abgeschlossen sein. Dann k\u00f6nnen die ersten Bewohnerinnen und Bewohner in das Internat umziehen und in eine neue, vielversprechende Zukunft starten.<\/p><p>Dieses Bauprojekt stellt eine gro\u00dfe finanzielle Herausforderung dar, ist jedoch von unsch\u00e4tzbarem Wert f\u00fcr die Zukunft der Einrichtung und der dort betreuten Kinder und Jugendlichen.<\/p><\/div>\n\t\t\t\t<\/div>\n\t\t\t\t\t\t\t<div class=\"elementor-accordion-item\">\n\t\t\t\t\t<div id=\"elementor-tab-title-1832\" class=\"elementor-tab-title\" data-tab=\"2\" role=\"button\" aria-controls=\"elementor-tab-content-1832\" aria-expanded=\"false\">\n\t\t\t\t\t\t\t\t\t\t\t\t\t<span class=\"elementor-accordion-icon elementor-accordion-icon-left\" aria-hidden=\"true\">\n\t\t\t\t\t\t\t\t\t\t\t\t\t\t\t<span class=\"elementor-accordion-icon-closed\"><i class=\"fas fa-plus\"><\/i><\/span>\n\t\t\t\t\t\t\t\t<span class=\"elementor-accordion-icon-opened\"><i class=\"fas fa-minus\"><\/i><\/span>\n\t\t\t\t\t\t\t\t\t\t\t\t\t\t<\/span>\n\t\t\t\t\t\t\t\t\t\t\t\t<a class=\"elementor-accordion-title\" tabindex=\"0\">Planung und Baubeginn unseres neuen Internatsgeb\u00e4udes<\/a>\n\t\t\t\t\t<\/div>\n\t\t\t\t\t<div id=\"elementor-tab-content-1832\" class=\"elementor-tab-content elementor-clearfix\" data-tab=\"2\" role=\"region\" aria-labelledby=\"elementor-tab-title-1832\"><p><strong>Das neue Internatsgeb\u00e4ude<\/strong><br \/>Als integraler Bestandteil unseres SBBZ Haus am M\u00fchlebach repr\u00e4sentiert das Geb\u00e4ude nicht nur eine architektonische Erweiterung, sondern auch eine Weiterentwicklung in der Versorgung und Betreuung unserer Internatssch\u00fcler*innen.<\/p><p><strong>Lage und Nutzung: Ein Ort der Integration<\/strong><br \/>Die strategische Platzierung auf der S\u00fcdwestseite unseres Grundst\u00fcckes, zeugt von durchdachter Planung. Das dreigeschossige Geb\u00e4ude wird eng mit der bestehenden Schule verbunden und f\u00fcgt sich harmonisch in die Gesamtanlage ein. Es wird zu einem neuen Zuhause f\u00fcr die Sch\u00fcler*innen, indem es als an die Schule angegliedertes Internat dient.<\/p><p><strong>Architektonische Raffinesse: Konstruktion und Fassadengestaltung<\/strong><br \/>Die Entscheidung f\u00fcr einen Massivbau in monolithischer Bauweise, unterst\u00fctzt durch zus\u00e4tzliche Ma\u00dfnahmen wie Brunnengr\u00fcndung, verspricht nicht nur Stabilit\u00e4t, sondern auch Langlebigkeit. Die Fensterfassaden mit au\u00dfenliegender Verschattung und das extensiv begr\u00fcnte Flachdach geben dem Geb\u00e4ude nicht nur einen \u00e4sthetischen Reiz, sondern dienen auch energetischer Effizienz.<\/p><p><strong>Innere Struktur: Ein neues Zuhause f\u00fcr unsere Internatssch\u00fcler*innen.<br \/><\/strong>Das Herzst\u00fcck des Internats bildet das durchdachte Raumprogramm. Drei Wohngruppen erstrecken sich \u00fcber die Geschosse, jede mit einem Gemeinschaftsraum samt Teek\u00fcche, einem Betreuerbereich, Bewohnerzimmern und zugeh\u00f6rigen B\u00e4dern. Die architektonische Erschlie\u00dfung, durch einen gedeckten Eingangsbereich im Erdgeschoss und einen barrierefreien Aufzug, unterstreicht die Zug\u00e4nglichkeit des Geb\u00e4udes.<\/p><p><strong>Farb- und Materialkonzept: Eine visuelle Harmonie<br \/><\/strong>Bei der Gestaltung der Geb\u00e4udeh\u00fclle und inneren Erschlie\u00dfungsbereiche wurde gr\u00f6\u00dfte Sorgfalt auf ein harmonisches Gesamtbild gelegt.<\/p><p>Das Material- und Farbkonzept greift bestehende Elemente des SBBZ Haus am M\u00fchlebach auf, indem bew\u00e4hrte Materialien wie Putz und Holz eingesetzt werden. Dies schafft nicht nur visuelle Kontinuit\u00e4t, sondern auch eine gem\u00fctliche Atmosph\u00e4re.<\/p><p><img fetchpriority=\"high\" decoding=\"async\" class=\"alignnone wp-image-4113 size-full\" src=\"https:\/\/www.haus-am-muehlebach.de\/wp-content\/uploads\/2024\/11\/plaene1.jpg\" alt=\"\" width=\"1200\" height=\"791\" srcset=\"https:\/\/www.haus-am-muehlebach.de\/wp-content\/uploads\/2024\/11\/plaene1.jpg 1200w, https:\/\/www.haus-am-muehlebach.de\/wp-content\/uploads\/2024\/11\/plaene1-300x198.jpg 300w, https:\/\/www.haus-am-muehlebach.de\/wp-content\/uploads\/2024\/11\/plaene1-1024x675.jpg 1024w, https:\/\/www.haus-am-muehlebach.de\/wp-content\/uploads\/2024\/11\/plaene1-768x506.jpg 768w\" sizes=\"(max-width: 1200px) 100vw, 1200px\" \/> Architekturb\u00fcro B &amp; B, Konstanz<\/p><p><strong>Einladende Wohngruppen:\u00a0<\/strong><strong>Wohlf\u00fchlatmosph\u00e4re im Fokus<br \/><\/strong>Das Material- und Farbkonzept der Wohngruppen setzt auf Robustheit und Pflegeleichtigkeit, ohne dabei die warme und geborgene Atmosph\u00e4re zu vernachl\u00e4ssigen. Inspiriert von erfolgreichen Innenraumkonzepten werden unterschiedliche R\u00e4ume und Raumgruppen mit abgestimmten Materialien und Farben gestaltet.<\/p><p>Der Neubau des Internats am M\u00fchlebach markiert nicht nur eine architektonische Entwicklung, sondern steht f\u00fcr die kontinuierliche Verpflichtung zur F\u00f6rderung heilp\u00e4dagogischer Arbeit. Hier wird nicht nur ein neues Geb\u00e4ude errichtet, sondern ein Raum geschaffen, der den Sch\u00fcler*innen ein echtes Zuhause bietet.<\/p><p><strong>Das neue Technikgeb\u00e4ude<\/strong><br \/>Das neue Technikgeb\u00e4ude wird auf der Nordwestseite des Grundst\u00fcckes errichtet. Das eingeschossige Geb\u00e4ude ist als allgemeines Technikgeb\u00e4ude konzipiert und wird haupts\u00e4chlich der haustechnischen Versorgung der anderen Geb\u00e4u-de auf dem Areal dienen. Die Bauweise des Technikgeb\u00e4udes ist haupts\u00e4chlich als Massivbau in Stahlbeton vorgesehen und die Flachdachfl\u00e4che wird f\u00fcr eine Photovoltaikanlage genutzt.<\/p><p>Das Raumprogramm umfasst einen Bereich f\u00fcr die Haustechnik sowie Abstellm\u00f6glichkeiten f\u00fcr Fahrr\u00e4der. Das Geb\u00e4ude wird \u00fcber einen gemeinsamen Vorbereich und einen Durchgang zwischen beiden Bereichen erschlossen.<\/p><\/div>\n\t\t\t\t<\/div>\n\t\t\t\t\t\t\t\t<\/div>\n\t\t\t\t\t\t<\/div>\n\t\t\t\t<\/div>\n\t\t\t\t<div class=\"elementor-element elementor-element-fa4ae18 elementor-widget elementor-widget-html\" data-id=\"fa4ae18\" data-element_type=\"widget\" data-widget_type=\"html.default\">\n\t\t\t\t<div class=\"elementor-widget-container\">\n\t\t\t\t\t<script> \r\njQuery(document).ready(function($) { \r\nvar delay = 100; setTimeout(function() { \r\n$('.elementor-tab-title').removeClass('elementor-active');\r\n $('.elementor-tab-content').css('display', 'none'); }, delay); \r\n}); \r\n<\/script>\t\t\t\t<\/div>\n\t\t\t\t<\/div>\n\t\t\t\t\t<\/div>\n\t\t<\/div>\n\t\t\t\t\t<\/div>\n\t\t<\/section>\n\t\t\t\t<section class=\"elementor-section elementor-top-section elementor-element elementor-element-ca0491e elementor-section-boxed elementor-section-height-default elementor-section-height-default\" data-id=\"ca0491e\" data-element_type=\"section\" data-settings=\"{&quot;background_background&quot;:&quot;classic&quot;}\">\n\t\t\t\t\t\t<div class=\"elementor-container elementor-column-gap-default\">\n\t\t\t\t\t<div class=\"elementor-column elementor-col-100 elementor-top-column elementor-element elementor-element-2a35701\" data-id=\"2a35701\" data-element_type=\"column\">\n\t\t\t<div class=\"elementor-widget-wrap elementor-element-populated\">\n\t\t\t\t\t\t<div class=\"elementor-element elementor-element-29f61b8 elementor-widget elementor-widget-spacer\" data-id=\"29f61b8\" data-element_type=\"widget\" data-widget_type=\"spacer.default\">\n\t\t\t\t<div class=\"elementor-widget-container\">\n\t\t\t\t\t\t\t<div class=\"elementor-spacer\">\n\t\t\t<div class=\"elementor-spacer-inner\"><\/div>\n\t\t<\/div>\n\t\t\t\t\t\t<\/div>\n\t\t\t\t<\/div>\n\t\t\t\t<div class=\"elementor-element elementor-element-ea4dfdc elementor-widget elementor-widget-heading\" data-id=\"ea4dfdc\" data-element_type=\"widget\" data-widget_type=\"heading.default\">\n\t\t\t\t<div class=\"elementor-widget-container\">\n\t\t\t\t\t<h4 class=\"elementor-heading-title elementor-size-default\">Gemeinsam bauen wir Zukunft \u2013 Unterst\u00fctzen Sie unser Internatsprojekt!<\/h4>\t\t\t\t<\/div>\n\t\t\t\t<\/div>\n\t\t\t\t<div class=\"elementor-element elementor-element-e43d4b3 elementor-widget elementor-widget-text-editor\" data-id=\"e43d4b3\" data-element_type=\"widget\" data-widget_type=\"text-editor.default\">\n\t\t\t\t<div class=\"elementor-widget-container\">\n\t\t\t\t\t\t\t\t\t<p class=\"\" data-start=\"268\" data-end=\"504\">Mit dem Neubau unseres Internats am SBBZ Haus am M\u00fchlebach schaffen wir nicht nur dringend ben\u00f6tigten Raum \u2013 wir bauen ein echtes Zuhause f\u00fcr unsere Sch\u00fcler*innen. Ein Ort der Geborgenheit, an dem Leben, Lernen und Wachsen m\u00f6glich wird.<\/p><p class=\"\" data-start=\"506\" data-end=\"875\">Dieses bedeutende Bauprojekt \u2013 samt einem Technikgeb\u00e4ude \u2013 stellt uns jedoch vor gro\u00dfe finanzielle Herausforderungen. F\u00f6rdermittel von Bund, Land und Stiftungen sind beantragt, doch insbesondere f\u00fcr die Einrichtung, die den Alltag der Kinder und Jugendlichen lebenswerter macht, und f\u00fcr spezielle Hilfsmittel sind wir weiterhin auf zus\u00e4tzliche Unterst\u00fctzung angewiesen.<\/p><p class=\"\" data-start=\"877\" data-end=\"1077\"><strong data-start=\"877\" data-end=\"918\">Daher bitten wir Sie: Helfen Sie mit!<\/strong><br data-start=\"918\" data-end=\"921\" \/>Mit Ihrer Spende \u2013 ob gro\u00df oder klein \u2013 tragen Sie dazu bei, dass junge Menschen in einem gesch\u00fctzten, liebevoll gestalteten Umfeld <br \/>leben und lernen k\u00f6nnen.<\/p><p class=\"\" data-start=\"1079\" data-end=\"1191\"><strong data-start=\"1079\" data-end=\"1145\">Jede Unterst\u00fctzung z\u00e4hlt. Jede Spende macht einen Unterschied.<\/strong><br data-start=\"1145\" data-end=\"1148\" \/>Von Herzen danken wir Ihnen f\u00fcr Ihre Hilfe!<\/p><p class=\"\" data-start=\"1193\" data-end=\"1299\"><strong data-start=\"1193\" data-end=\"1210\">Spendenkonto:<br \/><\/strong>Sparkasse Engen-Gottmadingen<br \/>DE 61 6925 1445 0059 9999 95<br \/>BIC: SOLADES1ENG<\/p>\t\t\t\t\t\t\t\t<\/div>\n\t\t\t\t<\/div>\n\t\t\t\t<div class=\"elementor-element elementor-element-2ee9e79 elementor-widget elementor-widget-text-editor\" data-id=\"2ee9e79\" data-element_type=\"widget\" data-widget_type=\"text-editor.default\">\n\t\t\t\t<div class=\"elementor-widget-container\">\n\t\t\t\t\t\t\t\t\t<h5 style=\"text-align: center;\">Herzlichen Dank f\u00fcr Ihre Hilfe und Ihr Vertrauen!<\/h5>\t\t\t\t\t\t\t\t<\/div>\n\t\t\t\t<\/div>\n\t\t\t\t<div class=\"elementor-element elementor-element-8dd79c2 elementor-widget elementor-widget-spacer\" data-id=\"8dd79c2\" data-element_type=\"widget\" data-widget_type=\"spacer.default\">\n\t\t\t\t<div class=\"elementor-widget-container\">\n\t\t\t\t\t\t\t<div class=\"elementor-spacer\">\n\t\t\t<div class=\"elementor-spacer-inner\"><\/div>\n\t\t<\/div>\n\t\t\t\t\t\t<\/div>\n\t\t\t\t<\/div>\n\t\t\t\t<div class=\"elementor-element elementor-element-9e50e6e elementor-widget elementor-widget-gallery\" data-id=\"9e50e6e\" data-element_type=\"widget\" data-settings=\"{&quot;gallery_layout&quot;:&quot;masonry&quot;,&quot;columns&quot;:3,&quot;gap&quot;:{&quot;unit&quot;:&quot;px&quot;,&quot;size&quot;:60,&quot;sizes&quot;:[]},&quot;lazyload&quot;:&quot;yes&quot;,&quot;columns_tablet&quot;:2,&quot;columns_mobile&quot;:1,&quot;gap_tablet&quot;:{&quot;unit&quot;:&quot;px&quot;,&quot;size&quot;:10,&quot;sizes&quot;:[]},&quot;gap_mobile&quot;:{&quot;unit&quot;:&quot;px&quot;,&quot;size&quot;:10,&quot;sizes&quot;:[]},&quot;link_to&quot;:&quot;file&quot;,&quot;overlay_background&quot;:&quot;yes&quot;,&quot;content_hover_animation&quot;:&quot;fade-in&quot;}\" data-widget_type=\"gallery.default\">\n\t\t\t\t<div class=\"elementor-widget-container\">\n\t\t\t\t\t\t\t<div class=\"elementor-gallery__container\">\n\t\t\t\t\t\t\t<a class=\"e-gallery-item elementor-gallery-item elementor-animated-content\" href=\"https:\/\/www.haus-am-muehlebach.de\/wp-content\/uploads\/2025\/04\/Logo_StWohnhilfe.jpg\" data-elementor-open-lightbox=\"yes\" data-elementor-lightbox-slideshow=\"9e50e6e\" data-elementor-lightbox-title=\"Logo_StWohnhilfe\" data-e-action-hash=\"#elementor-action%3Aaction%3Dlightbox%26settings%3DeyJpZCI6NDU3NSwidXJsIjoiaHR0cHM6XC9cL3d3dy5oYXVzLWFtLW11ZWhsZWJhY2guZGVcL3dwLWNvbnRlbnRcL3VwbG9hZHNcLzIwMjVcLzA0XC9Mb2dvX1N0V29obmhpbGZlLmpwZyIsInNsaWRlc2hvdyI6IjllNTBlNmUifQ%3D%3D\">\n\t\t\t\t\t<div class=\"e-gallery-image elementor-gallery-item__image\" data-thumbnail=\"https:\/\/www.haus-am-muehlebach.de\/wp-content\/uploads\/2025\/04\/Logo_StWohnhilfe.jpg\" data-width=\"1200\" data-height=\"453\" aria-label=\"\" role=\"img\" ><\/div>\n\t\t\t\t\t\t\t\t\t\t\t<div class=\"elementor-gallery-item__overlay\"><\/div>\n\t\t\t\t\t\t\t\t\t\t\t\t\t\t<\/a>\n\t\t\t\t\t\t\t<a class=\"e-gallery-item elementor-gallery-item elementor-animated-content\" href=\"https:\/\/www.haus-am-muehlebach.de\/wp-content\/uploads\/2025\/04\/SAGST_RGB_jpg-scaled.jpg\" data-elementor-open-lightbox=\"yes\" data-elementor-lightbox-slideshow=\"9e50e6e\" data-elementor-lightbox-title=\"LOGO_SAGST_sRGB_2017\" data-e-action-hash=\"#elementor-action%3Aaction%3Dlightbox%26settings%3DeyJpZCI6NDU3NywidXJsIjoiaHR0cHM6XC9cL3d3dy5oYXVzLWFtLW11ZWhsZWJhY2guZGVcL3dwLWNvbnRlbnRcL3VwbG9hZHNcLzIwMjVcLzA0XC9TQUdTVF9SR0JfanBnLXNjYWxlZC5qcGciLCJzbGlkZXNob3ciOiI5ZTUwZTZlIn0%3D\">\n\t\t\t\t\t<div class=\"e-gallery-image elementor-gallery-item__image\" data-thumbnail=\"https:\/\/www.haus-am-muehlebach.de\/wp-content\/uploads\/2025\/04\/SAGST_RGB_jpg-scaled.jpg\" data-width=\"2560\" data-height=\"1193\" aria-label=\"\" role=\"img\" ><\/div>\n\t\t\t\t\t\t\t\t\t\t\t<div class=\"elementor-gallery-item__overlay\"><\/div>\n\t\t\t\t\t\t\t\t\t\t\t\t\t\t<\/a>\n\t\t\t\t\t\t\t<a class=\"e-gallery-item elementor-gallery-item elementor-animated-content\" href=\"https:\/\/www.haus-am-muehlebach.de\/wp-content\/uploads\/2025\/04\/Logo_Messmer-Stiftung_CMYK.png\" data-elementor-open-lightbox=\"yes\" data-elementor-lightbox-slideshow=\"9e50e6e\" data-elementor-lightbox-title=\"Logo_Messmer-Stiftung_CMYK\" data-e-action-hash=\"#elementor-action%3Aaction%3Dlightbox%26settings%3DeyJpZCI6NDU4MCwidXJsIjoiaHR0cHM6XC9cL3d3dy5oYXVzLWFtLW11ZWhsZWJhY2guZGVcL3dwLWNvbnRlbnRcL3VwbG9hZHNcLzIwMjVcLzA0XC9Mb2dvX01lc3NtZXItU3RpZnR1bmdfQ01ZSy5wbmciLCJzbGlkZXNob3ciOiI5ZTUwZTZlIn0%3D\">\n\t\t\t\t\t<div class=\"e-gallery-image elementor-gallery-item__image\" data-thumbnail=\"https:\/\/www.haus-am-muehlebach.de\/wp-content\/uploads\/2025\/04\/Logo_Messmer-Stiftung_CMYK.png\" data-width=\"586\" data-height=\"120\" aria-label=\"\" role=\"img\" ><\/div>\n\t\t\t\t\t\t\t\t\t\t\t<div class=\"elementor-gallery-item__overlay\"><\/div>\n\t\t\t\t\t\t\t\t\t\t\t\t\t\t<\/a>\n\t\t\t\t\t\t\t<a class=\"e-gallery-item elementor-gallery-item elementor-animated-content\" href=\"https:\/\/www.haus-am-muehlebach.de\/wp-content\/uploads\/2025\/04\/pfeiffer-may.png\" data-elementor-open-lightbox=\"yes\" data-elementor-lightbox-slideshow=\"9e50e6e\" data-elementor-lightbox-title=\"pfeiffer-may\" data-e-action-hash=\"#elementor-action%3Aaction%3Dlightbox%26settings%3DeyJpZCI6NDU4MSwidXJsIjoiaHR0cHM6XC9cL3d3dy5oYXVzLWFtLW11ZWhsZWJhY2guZGVcL3dwLWNvbnRlbnRcL3VwbG9hZHNcLzIwMjVcLzA0XC9wZmVpZmZlci1tYXkucG5nIiwic2xpZGVzaG93IjoiOWU1MGU2ZSJ9\">\n\t\t\t\t\t<div class=\"e-gallery-image elementor-gallery-item__image\" data-thumbnail=\"https:\/\/www.haus-am-muehlebach.de\/wp-content\/uploads\/2025\/04\/pfeiffer-may.png\" data-width=\"368\" data-height=\"62\" aria-label=\"\" role=\"img\" ><\/div>\n\t\t\t\t\t\t\t\t\t\t\t<div class=\"elementor-gallery-item__overlay\"><\/div>\n\t\t\t\t\t\t\t\t\t\t\t\t\t\t<\/a>\n\t\t\t\t\t\t\t<a class=\"e-gallery-item elementor-gallery-item elementor-animated-content\" href=\"https:\/\/www.haus-am-muehlebach.de\/wp-content\/uploads\/2025\/04\/Stiftung_Bildung_und_Jugend_Logo-002.png\" data-elementor-open-lightbox=\"yes\" data-elementor-lightbox-slideshow=\"9e50e6e\" data-elementor-lightbox-title=\"Stiftung_Bildung_und_Jugend_Logo (002)\" data-e-action-hash=\"#elementor-action%3Aaction%3Dlightbox%26settings%3DeyJpZCI6NDU3OSwidXJsIjoiaHR0cHM6XC9cL3d3dy5oYXVzLWFtLW11ZWhsZWJhY2guZGVcL3dwLWNvbnRlbnRcL3VwbG9hZHNcLzIwMjVcLzA0XC9TdGlmdHVuZ19CaWxkdW5nX3VuZF9KdWdlbmRfTG9nby0wMDIucG5nIiwic2xpZGVzaG93IjoiOWU1MGU2ZSJ9\">\n\t\t\t\t\t<div class=\"e-gallery-image elementor-gallery-item__image\" data-thumbnail=\"https:\/\/www.haus-am-muehlebach.de\/wp-content\/uploads\/2025\/04\/Stiftung_Bildung_und_Jugend_Logo-002.png\" data-width=\"796\" data-height=\"63\" aria-label=\"\" role=\"img\" ><\/div>\n\t\t\t\t\t\t\t\t\t\t\t<div class=\"elementor-gallery-item__overlay\"><\/div>\n\t\t\t\t\t\t\t\t\t\t\t\t\t\t<\/a>\n\t\t\t\t\t\t\t<a class=\"e-gallery-item elementor-gallery-item elementor-animated-content\" href=\"https:\/\/www.haus-am-muehlebach.de\/wp-content\/uploads\/2025\/04\/Lions.jpg\" data-elementor-open-lightbox=\"yes\" data-elementor-lightbox-slideshow=\"9e50e6e\" data-elementor-lightbox-title=\"Lions\" data-e-action-hash=\"#elementor-action%3Aaction%3Dlightbox%26settings%3DeyJpZCI6NDU3MywidXJsIjoiaHR0cHM6XC9cL3d3dy5oYXVzLWFtLW11ZWhsZWJhY2guZGVcL3dwLWNvbnRlbnRcL3VwbG9hZHNcLzIwMjVcLzA0XC9MaW9ucy5qcGciLCJzbGlkZXNob3ciOiI5ZTUwZTZlIn0%3D\">\n\t\t\t\t\t<div class=\"e-gallery-image elementor-gallery-item__image\" data-thumbnail=\"https:\/\/www.haus-am-muehlebach.de\/wp-content\/uploads\/2025\/04\/Lions.jpg\" data-width=\"368\" data-height=\"159\" aria-label=\"\" role=\"img\" ><\/div>\n\t\t\t\t\t\t\t\t\t\t\t<div class=\"elementor-gallery-item__overlay\"><\/div>\n\t\t\t\t\t\t\t\t\t\t\t\t\t\t<\/a>\n\t\t\t\t\t\t\t<a class=\"e-gallery-item elementor-gallery-item elementor-animated-content\" href=\"https:\/\/www.haus-am-muehlebach.de\/wp-content\/uploads\/2025\/04\/Logo_DKSS.jpg\" data-elementor-open-lightbox=\"yes\" data-elementor-lightbox-slideshow=\"9e50e6e\" data-elementor-lightbox-title=\"Logo_DKSS\" data-e-action-hash=\"#elementor-action%3Aaction%3Dlightbox%26settings%3DeyJpZCI6NDU3NCwidXJsIjoiaHR0cHM6XC9cL3d3dy5oYXVzLWFtLW11ZWhsZWJhY2guZGVcL3dwLWNvbnRlbnRcL3VwbG9hZHNcLzIwMjVcLzA0XC9Mb2dvX0RLU1MuanBnIiwic2xpZGVzaG93IjoiOWU1MGU2ZSJ9\">\n\t\t\t\t\t<div class=\"e-gallery-image elementor-gallery-item__image\" data-thumbnail=\"https:\/\/www.haus-am-muehlebach.de\/wp-content\/uploads\/2025\/04\/Logo_DKSS.jpg\" data-width=\"1289\" data-height=\"259\" aria-label=\"\" role=\"img\" ><\/div>\n\t\t\t\t\t\t\t\t\t\t\t<div class=\"elementor-gallery-item__overlay\"><\/div>\n\t\t\t\t\t\t\t\t\t\t\t\t\t\t<\/a>\n\t\t\t\t\t\t\t<a class=\"e-gallery-item elementor-gallery-item elementor-animated-content\" href=\"https:\/\/www.haus-am-muehlebach.de\/wp-content\/uploads\/2025\/04\/Logo-Sprungbrett.jpg\" data-elementor-open-lightbox=\"yes\" data-elementor-lightbox-slideshow=\"9e50e6e\" data-elementor-lightbox-title=\"Logo-Sprungbrett\" data-e-action-hash=\"#elementor-action%3Aaction%3Dlightbox%26settings%3DeyJpZCI6NDU3NiwidXJsIjoiaHR0cHM6XC9cL3d3dy5oYXVzLWFtLW11ZWhsZWJhY2guZGVcL3dwLWNvbnRlbnRcL3VwbG9hZHNcLzIwMjVcLzA0XC9Mb2dvLVNwcnVuZ2JyZXR0LmpwZyIsInNsaWRlc2hvdyI6IjllNTBlNmUifQ%3D%3D\">\n\t\t\t\t\t<div class=\"e-gallery-image elementor-gallery-item__image\" data-thumbnail=\"https:\/\/www.haus-am-muehlebach.de\/wp-content\/uploads\/2025\/04\/Logo-Sprungbrett.jpg\" data-width=\"1422\" data-height=\"368\" aria-label=\"\" role=\"img\" ><\/div>\n\t\t\t\t\t\t\t\t\t\t\t<div class=\"elementor-gallery-item__overlay\"><\/div>\n\t\t\t\t\t\t\t\t\t\t\t\t\t\t<\/a>\n\t\t\t\t\t\t\t<a class=\"e-gallery-item elementor-gallery-item elementor-animated-content\" href=\"https:\/\/www.haus-am-muehlebach.de\/wp-content\/uploads\/2025\/07\/Logo_Herz_fuer_Kinder-e1753777857659.jpg\" data-elementor-open-lightbox=\"yes\" data-elementor-lightbox-slideshow=\"9e50e6e\" data-elementor-lightbox-title=\"Logo_Herz_f\u00fcr_Kinder\" data-e-action-hash=\"#elementor-action%3Aaction%3Dlightbox%26settings%3DeyJpZCI6NDk2OCwidXJsIjoiaHR0cHM6XC9cL3d3dy5oYXVzLWFtLW11ZWhsZWJhY2guZGVcL3dwLWNvbnRlbnRcL3VwbG9hZHNcLzIwMjVcLzA3XC9Mb2dvX0hlcnpfZnVlcl9LaW5kZXItZTE3NTM3Nzc4NTc2NTkuanBnIiwic2xpZGVzaG93IjoiOWU1MGU2ZSJ9\">\n\t\t\t\t\t<div class=\"e-gallery-image elementor-gallery-item__image\" data-thumbnail=\"https:\/\/www.haus-am-muehlebach.de\/wp-content\/uploads\/2025\/07\/Logo_Herz_fuer_Kinder-e1753777857659.jpg\" data-width=\"622\" data-height=\"517\" aria-label=\"\" role=\"img\" ><\/div>\n\t\t\t\t\t\t\t\t\t\t\t<div class=\"elementor-gallery-item__overlay\"><\/div>\n\t\t\t\t\t\t\t\t\t\t\t\t\t\t<\/a>\n\t\t\t\t\t<\/div>\n\t\t\t\t\t<\/div>\n\t\t\t\t<\/div>\n\t\t\t\t\t<\/div>\n\t\t<\/div>\n\t\t\t\t\t<\/div>\n\t\t<\/section>\n\t\t\t\t<\/div>\n\t\t","protected":false},"excerpt":{"rendered":"<p>Internatsneubau Unser Internatsneubau November 2024 bis heute&#8230; Stein auf Stein \u2013 unser Internat nimmt Gestalt an. November 2024 Realit\u00e4t im Werden: Baustart f\u00fcr unser neues Internatsgeb\u00e4ude Im November 2024 begann ein neues Kapitel f\u00fcr unser SBBZ Haus am M\u00fchlebach in M\u00fchlhausen-Ehingen:Der Bau unseres neuen Internatsgeb\u00e4udes wurde offiziell gestartet. Am 7. November war es endlich so [&hellip;]<\/p>\n","protected":false},"author":1,"featured_media":0,"parent":0,"menu_order":0,"comment_status":"closed","ping_status":"closed","template":"elementor_header_footer","meta":{"footnotes":""},"class_list":["post-4362","page","type-page","status-publish","hentry"],"_links":{"self":[{"href":"https:\/\/www.haus-am-muehlebach.de\/index.php\/wp-json\/wp\/v2\/pages\/4362","targetHints":{"allow":["GET"]}}],"collection":[{"href":"https:\/\/www.haus-am-muehlebach.de\/index.php\/wp-json\/wp\/v2\/pages"}],"about":[{"href":"https:\/\/www.haus-am-muehlebach.de\/index.php\/wp-json\/wp\/v2\/types\/page"}],"author":[{"embeddable":true,"href":"https:\/\/www.haus-am-muehlebach.de\/index.php\/wp-json\/wp\/v2\/users\/1"}],"replies":[{"embeddable":true,"href":"https:\/\/www.haus-am-muehlebach.de\/index.php\/wp-json\/wp\/v2\/comments?post=4362"}],"version-history":[{"count":119,"href":"https:\/\/www.haus-am-muehlebach.de\/index.php\/wp-json\/wp\/v2\/pages\/4362\/revisions"}],"predecessor-version":[{"id":5216,"href":"https:\/\/www.haus-am-muehlebach.de\/index.php\/wp-json\/wp\/v2\/pages\/4362\/revisions\/5216"}],"wp:attachment":[{"href":"https:\/\/www.haus-am-muehlebach.de\/index.php\/wp-json\/wp\/v2\/media?parent=4362"}],"curies":[{"name":"wp","href":"https:\/\/api.w.org\/{rel}","templated":true}]}}